{"id":1246,"date":"2019-08-01T15:44:00","date_gmt":"2019-08-01T13:44:00","guid":{"rendered":"http:\/\/www.drkotti.com\/?page_id=1246"},"modified":"2019-08-20T14:19:19","modified_gmt":"2019-08-20T12:19:19","slug":"lifting-centro-facial","status":"publish","type":"page","link":"https:\/\/www.drkotti.com\/fr\/face\/lifting-centro-facial\/","title":{"rendered":"Lifting centro facial"},"content":{"rendered":"<p>[vc_row][vc_column][vc_column_text]Ce lifting est discut\u00e9 lorsque le patient, devant le miroir, corrige par une traction verticale vers le haut des pommettes, certaines des disgr\u00e2ces li\u00e9es au vieillissement.<\/p>\n<p>Cette intervention peut \u00eatre associ\u00e9e \u00e0 un autre geste de chirurgie esth\u00e9tique faciale : lipostructure du visage, lifting du cou et aussi \u00eatre compl\u00e9t\u00e9e par des th\u00e9rapeutiques<br \/>\nm\u00e9dico-chirurgicales (dermabrasion, laser, peeling, injection de toxine botulique, injection de produit de comblement type acide hyaluronique).<br \/>\nCe lifting ne vise pas \u00e0 modifier les traits mais \u00e0 replacer les structures anatomiques dans une position plus jeune.<\/p>\n<h3>Le r\u00e9sultat<\/h3>\n<p>Au bout de six \u00e0 huit semaines, on peut avoir une bonne id\u00e9e du r\u00e9sultat d\u00e9finitif. Il n\u2019appara\u00eet cependant stable qu\u2019entre le troisi\u00e8me et le sixi\u00e8me mois.<br \/>\nLes cicatrices sous ciliaires sont parfois encore ros\u00e9es pendant 3 mois, mais se camouflent ais\u00e9ment par le maquillage.<\/p>\n<p>La cicatrice temporale, m\u00eame rouge et indur\u00e9e, est parfaitement dissimulable dans les cheveux. Elle ne commence parfois \u00e0 s\u2019att\u00e9nuer que d\u00e8s le sixi\u00e8me mois.<br \/>\nGr\u00e2ce \u00e0 l\u2019apport du lifting centro-facial, l\u2019effet de rajeunissement est appr\u00e9ciable avec un r\u00e9sultat esth\u00e9tique qui reste toutefois naturel et harmonieux.<br \/>\nCette am\u00e9lioration physique s\u2019accompagne habituellement d\u2019un bien \u00eatre psychologique.<\/p>\n<p>A long terme, le vieillissement continue \u00e0 faire son \u0153uvre et le visage continue \u00e0 subir les outrages du temps.<br \/>\nUn entretien du visage avec des traitements sp\u00e9cifiques de l\u2019\u00e9piderme (laser, lampes puls\u00e9es..) et avec des injections de produits de comblement et de toxine botulique aide \u00e0 maintenir le r\u00e9sultat plus longtemps.<\/p>\n<p>Une nouvelle intervention, souvent plus mod\u00e9r\u00e9e, peut \u00eatre parfois n\u00e9cessaire.[\/vc_column_text][vc_column_text]<a class=\"pdf_link\" href=\"http:\/\/www.drkotti.com\/pdf\/27-lifting-centro-facial.pdf\" target=\"_blank\" rel=\"noopener noreferrer\">T\u00e9l\u00e9charger le pdf <i class=\"fa fa-angle-double-right\"><\/i><\/a>[\/vc_column_text][\/vc_column][\/vc_row]<\/p>\n","protected":false},"excerpt":{"rendered":"<p>[vc_row][vc_column][vc_column_text]Ce lifting est discut\u00e9 lorsque le patient, devant le miroir, corrige par une traction verticale vers le haut des pommettes,<\/p>\n","protected":false},"author":1,"featured_media":1252,"parent":1091,"menu_order":0,"comment_status":"closed","ping_status":"closed","template":"","meta":{"inline_featured_image":false},"yst_prominent_words":[],"_links":{"self":[{"href":"https:\/\/www.drkotti.com\/fr\/wp-json\/wp\/v2\/pages\/1246"}],"collection":[{"href":"https:\/\/www.drkotti.com\/fr\/wp-json\/wp\/v2\/pages"}],"about":[{"href":"https:\/\/www.drkotti.com\/fr\/wp-json\/wp\/v2\/types\/page"}],"author":[{"embeddable":true,"href":"https:\/\/www.drkotti.com\/fr\/wp-json\/wp\/v2\/users\/1"}],"replies":[{"embeddable":true,"href":"https:\/\/www.drkotti.com\/fr\/wp-json\/wp\/v2\/comments?post=1246"}],"version-history":[{"count":0,"href":"https:\/\/www.drkotti.com\/fr\/wp-json\/wp\/v2\/pages\/1246\/revisions"}],"up":[{"embeddable":true,"href":"https:\/\/www.drkotti.com\/fr\/wp-json\/wp\/v2\/pages\/1091"}],"wp:featuredmedia":[{"embeddable":true,"href":"https:\/\/www.drkotti.com\/fr\/wp-json\/wp\/v2\/media\/1252"}],"wp:attachment":[{"href":"https:\/\/www.drkotti.com\/fr\/wp-json\/wp\/v2\/media?parent=1246"}],"wp:term":[{"taxonomy":"yst_prominent_words","embeddable":true,"href":"https:\/\/www.drkotti.com\/fr\/wp-json\/wp\/v2\/yst_prominent_words?post=1246"}],"curies":[{"name":"wp","href":"https:\/\/api.w.org\/{rel}","templated":true}]}}